{"id":4502,"date":"2025-04-22T14:27:46","date_gmt":"2025-04-22T12:27:46","guid":{"rendered":"https:\/\/zagleszczecin.eu\/o-zaglach\/organizacja-ruchu\/"},"modified":"2025-07-28T17:41:22","modified_gmt":"2025-07-28T15:41:22","slug":"organizacja-ruchu","status":"publish","type":"page","link":"https:\/\/zagleszczecin.eu\/en\/o-zaglach\/organizacja-ruchu\/","title":{"rendered":"Traffic arrangements"},"content":{"rendered":"\n<div style=\"height:100px\" aria-hidden=\"true\" class=\"wp-block-spacer is-style-m-spacerhead\"><\/div>\n\n\n\n<h1 class=\"wp-block-heading has-text-align-center\"><strong>Traffic arrangements<\/strong><\/h1>\n\n\n\n<div style=\"height:100px\" aria-hidden=\"true\" class=\"wp-block-spacer is-style-m-spacerhalf\"><\/div>\n\n\n\n<div class=\"wp-block-columns is-layout-flex wp-container-core-columns-is-layout-9d6595d7 wp-block-columns-is-layout-flex\">\n<div class=\"wp-block-column order2 is-layout-flow wp-block-column-is-layout-flow\"><div class=\"mapaimprezywrap\">\r\n    \r\n        <img decoding=\"async\" src=\"https:\/\/zagleszczecin.eu\/wp-content\/uploads\/2025\/07\/MAPKA-z-przepustki-highres-980x1021.jpg\" alt=\"Traffic arrangements\" loading=\"lazy\" class=\"mapaimprezy\">\r\n\r\n        <div class=\"mapaimprezycont\">\r\n        <a href=\"https:\/\/zagleszczecin.eu\/wp-content\/uploads\/2025\/07\/MAPKA-z-przepustki.pdf\" class=\"mapadl\" download target=\"_blank\"><\/a>\r\n        <a href=\"https:\/\/zagleszczecin.eu\/wp-content\/uploads\/2025\/07\/MAPKA-z-przepustki.pdf\" class=\"mapazoom\" target=\"_blank\"><\/a>\r\n    <\/div>\r\n<\/div><\/div>\n\n\n\n<div class=\"wp-block-column order1 is-layout-flow wp-block-column-is-layout-flow\">\n<h3 class=\"wp-block-heading\">Traffic Changes<\/h3>\n\n\n\n<p>Traffic and public transport will be reorganized in stages. The first adjustments will begin <strong>on Wednesday, August 13, 2025<\/strong>. Drivers are asked for patience and understanding during the preparations and the event itself.<\/p>\n\n\n\n<div style=\"height:100px\" aria-hidden=\"true\" class=\"wp-block-spacer is-style-m-spacerhalf\"><\/div>\n\n\n<\/div>\n<\/div>\n\n\n\n<div style=\"height:100px\" aria-hidden=\"true\" class=\"wp-block-spacer is-style-m-spacerfull\"><\/div>\n\n\n\n<div class=\"wp-block-columns is-layout-flex wp-container-core-columns-is-layout-9d6595d7 wp-block-columns-is-layout-flex\">\n<div class=\"wp-block-column is-layout-flow wp-block-column-is-layout-flow\">\n<h3 class=\"wp-block-heading has-podstawowy-color has-text-color has-link-color wp-elements-e0269f27f0fcd83287dfe7db9913fee2\"><strong>Stage 1<\/strong><br><strong>August 13, 2025, 00:01 \u2013 August 14, 2025, 00:01<\/strong><\/h3>\n\n\n\n<p class=\"has-podstawowy-color has-text-color has-link-color wp-elements-4141d02a3ba132db84d00d0bcf78655a\"><strong>This phase includes preparatory closures:<\/strong><\/p>\n\n\n\n<ul style=\"text-transform:capitalize\" class=\"wp-block-list\">\n<li style=\"line-height:1;text-transform:none\">Wendy and Zbo\u017cowa Streets will be closed from the intersection with Spichrzowa Street,<\/li>\n\n\n\n<li>Komandorska Street will be completely closed,<\/li>\n\n\n\n<li>Ma\u0142opolska Street will be closed from Jarowita to Komandorska,<\/li>\n\n\n\n<li>Wa\u0142y Chrobrego Street will be completely closed,<\/li>\n\n\n\n<li>Wawelska Street will be closed between Wa\u0142y Chrobrego and Jarowita,<\/li>\n\n\n\n<li style=\"line-height:1;text-transform:none\">Admiralska Street will be completely closed.<\/li>\n<\/ul>\n\n\n\n<div style=\"height:20px\" aria-hidden=\"true\" class=\"wp-block-spacer is-style-m-spacerhalf\"><\/div>\n<\/div>\n<\/div>\n\n\n\n<div class=\"wp-block-columns is-layout-flex wp-container-core-columns-is-layout-9d6595d7 wp-block-columns-is-layout-flex\">\n<div class=\"wp-block-column is-layout-flow wp-block-column-is-layout-flow\">\n<h3 class=\"wp-block-heading has-podstawowy-color has-text-color has-link-color wp-elements-6154176cc9fcb8ddec40b02434aec154\"><strong>Stage 2<\/strong><br><strong>August 14, 2025, 00:01 \u2013 August 18, 2025, 05:00<\/strong><\/h3>\n\n\n\n<p class=\"has-podstawowy-color has-text-color has-link-color wp-elements-1f8f75c25dcb2eddf3bf5fe26cfd226e\"><strong><strong>The main event phase for \u017bagle 2025 in Szczecin. The following streets will be <strong>fully or partially closed<\/strong>:<\/strong><\/strong><\/p>\n\n\n\n<ul class=\"wp-block-list\">\n<li>Wendy and Zbo\u017cowa Streets (fully),<\/li>\n\n\n\n<li>Spichrzowa Street (fully),<\/li>\n\n\n\n<li>W\u0142adys\u0142awa IV Street up to \u015aw. Floriana Street (fully),<\/li>\n\n\n\n<li>Celna Street (fully),<\/li>\n\n\n\n<li>Komandorska Street (fully),<\/li>\n\n\n\n<li>Ma\u0142opolska Street from Jarowita to Komandorska (fully),<\/li>\n\n\n\n<li>Wa\u0142y Chrobrego Street (fully),<\/li>\n\n\n\n<li>Wawelska Street from Jarowita to Wa\u0142y Chrobrego (fully),<\/li>\n\n\n\n<li>Admiralska Street (fully),<\/li>\n\n\n\n<li>Zygmunta Starego Street:<\/li>\n\n\n\n<li>Fully closed from Wa\u0142y Chrobrego to Jarowita,<\/li>\n\n\n\n<li>Restricted access from Jarowita to Henryka Pobo\u017cnego (only with permits),<\/li>\n\n\n\n<li>One-way traffic from Starzy\u0144skiego to Henryka Pobo\u017cnego,<\/li>\n\n\n\n<li>Szczerbcowa Street:<\/li>\n\n\n\n<li>Fully closed from Wa\u0142y Chrobrego to Jarowita,<\/li>\n\n\n\n<li>Restricted from Jarowita to Henryka Pobo\u017cnego (only with permits),<\/li>\n\n\n\n<li>One-way from Henryka Pobo\u017cnego to Starzy\u0144skiego,<\/li>\n\n\n\n<li>Jarowita Street:<\/li>\n\n\n\n<li>Fully closed from Zygmunta Starego to Szczerbcowa,<\/li>\n\n\n\n<li>Restricted on remaining segments (permit holders only),<\/li>\n\n\n\n<li>Henryka Pobo\u017cnego Street:<\/li>\n\n\n\n<li>Closed between Zygmunta Starego and Szczerbcowa,<\/li>\n\n\n\n<li>One-way traffic from Wawelska to Szczerbcowa,<\/li>\n\n\n\n<li>Jana z Kolna Street:<\/li>\n\n\n\n<li>Closed from the Long Bridge ramp to Kapita\u0144ska Street,<\/li>\n\n\n\n<li>Storrady Street \u2013 fully closed,<\/li>\n\n\n\n<li>Castle Route ramps (Dubois direction) \u2013 closed,<\/li>\n\n\n\n<li>Taxi stand designated on Zygmunta Starego between Starzy\u0144skiego and Matejki,<\/li>\n\n\n\n<li style=\"line-height:1\">Both bus stops near Admiralska Street \u2013 out of service.<\/li>\n<\/ul>\n\n\n\n<p><strong><strong>Detours around Jana z Kolna Street:<\/strong><\/strong><\/p>\n\n\n\n<ul class=\"wp-block-list\">\n<li>From the shipyard toward Castle Route: via Dubois \u2013 Parkowa \u2013 Malczewskiego \u2013 Matejki,<\/li>\n\n\n\n<li>From shipyard toward Long Bridge: via Dubois \u2013 Parkowa \u2013 Malczewskiego \u2013 Matejki \u2013 Castle Route \u2013 Farna \u2013 So\u0142tysia \u2013 Wyszy\u0144skiego,<\/li>\n\n\n\n<li>From Castle Route toward shipyard: via Matejki \u2013 Malczewskiego \u2013 Parkowa \u2013 Dubois,<\/li>\n\n\n\n<li style=\"line-height:1\">From Long Bridge toward shipyard: via Wyszy\u0144skiego \u2013 Wyzwolenia \u2013 Malczewskiego \u2013 Parkowa \u2013 Dubois.<\/li>\n<\/ul>\n\n\n\n<p><strong>Malczewskiego Street traffic changes<\/strong> (between Parkowa and Matejki):<\/p>\n\n\n\n<p>At the Malczewskiego\u2013Matejki intersection, <strong>left turns from both lanes<\/strong> on the eastern side of Malczewskiego will be permitted.<\/p>\n\n\n\n<p>The <strong>left lane<\/strong> (on the tram track) heading toward Matejki will be <strong>closed to general traffic<\/strong> \u2013 only trams will be allowed.<\/p>\n\n\n\n<div style=\"height:100px\" aria-hidden=\"true\" class=\"wp-block-spacer is-style-m-spacerhalf\"><\/div>\n<\/div>\n<\/div>\n\n\n\n<div class=\"wp-block-columns is-layout-flex wp-container-core-columns-is-layout-9d6595d7 wp-block-columns-is-layout-flex\">\n<div class=\"wp-block-column is-layout-flow wp-block-column-is-layout-flow\">\n<h3 class=\"wp-block-heading has-podstawowy-color has-text-color has-link-color wp-elements-7e512543fd59d3a2aa292f0eaff0c1e4\"><strong>Stage 3<\/strong><br><strong>August 18, 2025, 05:00 \u2013 August 19, 2025, 05:00<\/strong><\/h3>\n\n\n\n<p class=\"has-podstawowy-color has-text-color has-link-color wp-elements-edcb4b08b79df717072f57eda20eb5b9\"><strong>Final phase: gradual restoration of normal traffic.<\/strong><\/p>\n\n\n\n<ul class=\"wp-block-list\">\n<li style=\"line-height:1\">Wendy and Zbo\u017cowa \u2013 closed from Spichrzowa,<\/li>\n\n\n\n<li>Komandorska \u2013 fully closed,<\/li>\n\n\n\n<li>Ma\u0142opolska \u2013 closed between Jarowita and Komandorska,<\/li>\n\n\n\n<li>Wa\u0142y Chrobrego \u2013 fully closed,<\/li>\n\n\n\n<li>Wawelska \u2013 closed between Wa\u0142y Chrobrego and Jarowita,<\/li>\n\n\n\n<li>Admiralska \u2013 fully closed,<\/li>\n\n\n\n<li style=\"line-height:1\">Henryka Pobo\u017cnego \u2013 closed between Zygmunta Starego and Szczerbcowa.<\/li>\n<\/ul>\n\n\n\n<div style=\"height:100px\" aria-hidden=\"true\" class=\"wp-block-spacer is-style-m-spacerhalf\"><\/div>\n<\/div>\n<\/div>\n\n\n\n<div style=\"height:100px\" aria-hidden=\"true\" class=\"wp-block-spacer is-style-m-spacerfull\"><\/div>\n","protected":false},"excerpt":{"rendered":"<p>Traffic arrangements Traffic Changes Traffic and public transport will be reorganized in stages. The first adjustments will begin on Wednesday, August 13, 2025. Drivers are asked for patience and understanding [&hellip;]<\/p>\n","protected":false},"author":1,"featured_media":0,"parent":3292,"menu_order":52,"comment_status":"closed","ping_status":"closed","template":"","meta":{"_acf_changed":false,"inline_featured_image":false,"footnotes":"","_links_to":"","_links_to_target":""},"class_list":["post-4502","page","type-page","status-publish","hentry"],"acf":[],"yoast_head":"<!-- This site is optimized with the Yoast SEO plugin v25.1 - https:\/\/yoast.com\/wordpress\/plugins\/seo\/ -->\n<title>Traffic arrangements - \u017bagle 2026<\/title>\n<meta name=\"robots\" content=\"noindex, follow, max-snippet:-1, max-image-preview:large, max-video-preview:-1\" \/>\n<meta property=\"og:locale\" content=\"en_US\" \/>\n<meta property=\"og:type\" content=\"article\" \/>\n<meta property=\"og:title\" content=\"Traffic arrangements - \u017bagle 2026\" \/>\n<meta property=\"og:description\" content=\"Traffic arrangements Traffic Changes Traffic and public transport will be reorganized in stages. The first adjustments will begin on Wednesday, August 13, 2025. Drivers are asked for patience and understanding [&hellip;]\" \/>\n<meta property=\"og:url\" content=\"https:\/\/zagleszczecin.eu\/en\/o-zaglach\/organizacja-ruchu\/\" \/>\n<meta property=\"og:site_name\" content=\"\u017bagle 2026\" \/>\n<meta property=\"article:modified_time\" content=\"2025-07-28T15:41:22+00:00\" \/>\n<meta name=\"twitter:card\" content=\"summary_large_image\" \/>\n<meta name=\"twitter:label1\" content=\"Est. reading time\" \/>\n\t<meta name=\"twitter:data1\" content=\"6 minutes\" \/>\n<script type=\"application\/ld+json\" class=\"yoast-schema-graph\">{\"@context\":\"https:\/\/schema.org\",\"@graph\":[{\"@type\":\"WebPage\",\"@id\":\"https:\/\/zagleszczecin.eu\/en\/o-zaglach\/organizacja-ruchu\/\",\"url\":\"https:\/\/zagleszczecin.eu\/en\/o-zaglach\/organizacja-ruchu\/\",\"name\":\"Traffic arrangements - \u017bagle 2026\",\"isPartOf\":{\"@id\":\"https:\/\/zagleszczecin.eu\/en\/#website\"},\"datePublished\":\"2025-04-22T12:27:46+00:00\",\"dateModified\":\"2025-07-28T15:41:22+00:00\",\"breadcrumb\":{\"@id\":\"https:\/\/zagleszczecin.eu\/en\/o-zaglach\/organizacja-ruchu\/#breadcrumb\"},\"inLanguage\":\"en-US\",\"potentialAction\":[{\"@type\":\"ReadAction\",\"target\":[\"https:\/\/zagleszczecin.eu\/en\/o-zaglach\/organizacja-ruchu\/\"]}]},{\"@type\":\"BreadcrumbList\",\"@id\":\"https:\/\/zagleszczecin.eu\/en\/o-zaglach\/organizacja-ruchu\/#breadcrumb\",\"itemListElement\":[{\"@type\":\"ListItem\",\"position\":1,\"name\":\"Strona g\u0142\u00f3wna\",\"item\":\"https:\/\/zagleszczecin.eu\/en\/\"},{\"@type\":\"ListItem\",\"position\":2,\"name\":\"About \u017bagle 2025\",\"item\":\"https:\/\/zagleszczecin.eu\/en\/o-zaglach\/\"},{\"@type\":\"ListItem\",\"position\":3,\"name\":\"Traffic arrangements\"}]},{\"@type\":\"WebSite\",\"@id\":\"https:\/\/zagleszczecin.eu\/en\/#website\",\"url\":\"https:\/\/zagleszczecin.eu\/en\/\",\"name\":\"\u017bagle 2026\",\"description\":\"Kurs na Szczecin\",\"potentialAction\":[{\"@type\":\"SearchAction\",\"target\":{\"@type\":\"EntryPoint\",\"urlTemplate\":\"https:\/\/zagleszczecin.eu\/en\/?s={search_term_string}\"},\"query-input\":{\"@type\":\"PropertyValueSpecification\",\"valueRequired\":true,\"valueName\":\"search_term_string\"}}],\"inLanguage\":\"en-US\"}]}<\/script>\n<!-- \/ Yoast SEO plugin. -->","yoast_head_json":{"title":"Traffic arrangements - \u017bagle 2026","robots":{"index":"noindex","follow":"follow","max-snippet":"max-snippet:-1","max-image-preview":"max-image-preview:large","max-video-preview":"max-video-preview:-1"},"og_locale":"en_US","og_type":"article","og_title":"Traffic arrangements - \u017bagle 2026","og_description":"Traffic arrangements Traffic Changes Traffic and public transport will be reorganized in stages. The first adjustments will begin on Wednesday, August 13, 2025. Drivers are asked for patience and understanding [&hellip;]","og_url":"https:\/\/zagleszczecin.eu\/en\/o-zaglach\/organizacja-ruchu\/","og_site_name":"\u017bagle 2026","article_modified_time":"2025-07-28T15:41:22+00:00","twitter_card":"summary_large_image","twitter_misc":{"Est. reading time":"6 minutes"},"schema":{"@context":"https:\/\/schema.org","@graph":[{"@type":"WebPage","@id":"https:\/\/zagleszczecin.eu\/en\/o-zaglach\/organizacja-ruchu\/","url":"https:\/\/zagleszczecin.eu\/en\/o-zaglach\/organizacja-ruchu\/","name":"Traffic arrangements - \u017bagle 2026","isPartOf":{"@id":"https:\/\/zagleszczecin.eu\/en\/#website"},"datePublished":"2025-04-22T12:27:46+00:00","dateModified":"2025-07-28T15:41:22+00:00","breadcrumb":{"@id":"https:\/\/zagleszczecin.eu\/en\/o-zaglach\/organizacja-ruchu\/#breadcrumb"},"inLanguage":"en-US","potentialAction":[{"@type":"ReadAction","target":["https:\/\/zagleszczecin.eu\/en\/o-zaglach\/organizacja-ruchu\/"]}]},{"@type":"BreadcrumbList","@id":"https:\/\/zagleszczecin.eu\/en\/o-zaglach\/organizacja-ruchu\/#breadcrumb","itemListElement":[{"@type":"ListItem","position":1,"name":"Strona g\u0142\u00f3wna","item":"https:\/\/zagleszczecin.eu\/en\/"},{"@type":"ListItem","position":2,"name":"About \u017bagle 2025","item":"https:\/\/zagleszczecin.eu\/en\/o-zaglach\/"},{"@type":"ListItem","position":3,"name":"Traffic arrangements"}]},{"@type":"WebSite","@id":"https:\/\/zagleszczecin.eu\/en\/#website","url":"https:\/\/zagleszczecin.eu\/en\/","name":"\u017bagle 2026","description":"Kurs na Szczecin","potentialAction":[{"@type":"SearchAction","target":{"@type":"EntryPoint","urlTemplate":"https:\/\/zagleszczecin.eu\/en\/?s={search_term_string}"},"query-input":{"@type":"PropertyValueSpecification","valueRequired":true,"valueName":"search_term_string"}}],"inLanguage":"en-US"}]}},"_links":{"self":[{"href":"https:\/\/zagleszczecin.eu\/en\/wp-json\/wp\/v2\/pages\/4502","targetHints":{"allow":["GET"]}}],"collection":[{"href":"https:\/\/zagleszczecin.eu\/en\/wp-json\/wp\/v2\/pages"}],"about":[{"href":"https:\/\/zagleszczecin.eu\/en\/wp-json\/wp\/v2\/types\/page"}],"author":[{"embeddable":true,"href":"https:\/\/zagleszczecin.eu\/en\/wp-json\/wp\/v2\/users\/1"}],"replies":[{"embeddable":true,"href":"https:\/\/zagleszczecin.eu\/en\/wp-json\/wp\/v2\/comments?post=4502"}],"version-history":[{"count":2,"href":"https:\/\/zagleszczecin.eu\/en\/wp-json\/wp\/v2\/pages\/4502\/revisions"}],"predecessor-version":[{"id":4507,"href":"https:\/\/zagleszczecin.eu\/en\/wp-json\/wp\/v2\/pages\/4502\/revisions\/4507"}],"up":[{"embeddable":true,"href":"https:\/\/zagleszczecin.eu\/en\/wp-json\/wp\/v2\/pages\/3292"}],"wp:attachment":[{"href":"https:\/\/zagleszczecin.eu\/en\/wp-json\/wp\/v2\/media?parent=4502"}],"curies":[{"name":"wp","href":"https:\/\/api.w.org\/{rel}","templated":true}]}}