{"id":4503,"date":"2025-04-22T14:27:46","date_gmt":"2025-04-22T12:27:46","guid":{"rendered":"https:\/\/zagleszczecin.eu\/ueber-zagle\/organizacja-ruchu\/"},"modified":"2025-07-28T17:45:51","modified_gmt":"2025-07-28T15:45:51","slug":"organizacja-ruchu","status":"publish","type":"page","link":"https:\/\/zagleszczecin.eu\/de\/ueber-zagle\/organizacja-ruchu\/","title":{"rendered":"Verkehrsorganisation"},"content":{"rendered":"\n<div style=\"height:100px\" aria-hidden=\"true\" class=\"wp-block-spacer is-style-m-spacerhead\"><\/div>\n\n\n\n<h1 class=\"wp-block-heading has-text-align-center\"><strong>Verkehrsorganisation<\/strong><\/h1>\n\n\n\n<div style=\"height:100px\" aria-hidden=\"true\" class=\"wp-block-spacer is-style-m-spacerhalf\"><\/div>\n\n\n\n<div class=\"wp-block-columns is-layout-flex wp-container-core-columns-is-layout-9d6595d7 wp-block-columns-is-layout-flex\">\n<div class=\"wp-block-column order2 is-layout-flow wp-block-column-is-layout-flow\"><div class=\"mapaimprezywrap\">\r\n    \r\n        <img decoding=\"async\" src=\"https:\/\/zagleszczecin.eu\/wp-content\/uploads\/2025\/07\/MAPKA-z-przepustki-highres-980x1021.jpg\" alt=\"Verkehrsorganisation\" loading=\"lazy\" class=\"mapaimprezy\">\r\n\r\n        <div class=\"mapaimprezycont\">\r\n        <a href=\"https:\/\/zagleszczecin.eu\/wp-content\/uploads\/2025\/07\/MAPKA-z-przepustki.pdf\" class=\"mapadl\" download target=\"_blank\"><\/a>\r\n        <a href=\"https:\/\/zagleszczecin.eu\/wp-content\/uploads\/2025\/07\/MAPKA-z-przepustki.pdf\" class=\"mapazoom\" target=\"_blank\"><\/a>\r\n    <\/div>\r\n<\/div><\/div>\n\n\n\n<div class=\"wp-block-column order1 is-layout-flow wp-block-column-is-layout-flow\">\n<h3 class=\"wp-block-heading\">\u00c4nderungen in der Verkehrsorganisation<\/h3>\n\n\n\n<p>Die \u00c4nderungen im Stra\u00dfen- und Nahverkehr erfolgen <strong>in mehreren Etappen<\/strong>, beginnend <strong>am Mittwoch, den 13. August 2025<\/strong>. Autofahrer*innen werden um Geduld und Verst\u00e4ndnis gebeten \u2013 sowohl w\u00e4hrend der Vorbereitungen als auch w\u00e4hrend des Events.<\/p>\n\n\n\n<div style=\"height:100px\" aria-hidden=\"true\" class=\"wp-block-spacer is-style-m-spacerhalf\"><\/div>\n\n\n<\/div>\n<\/div>\n\n\n\n<div style=\"height:100px\" aria-hidden=\"true\" class=\"wp-block-spacer is-style-m-spacerfull\"><\/div>\n\n\n\n<div class=\"wp-block-columns is-layout-flex wp-container-core-columns-is-layout-9d6595d7 wp-block-columns-is-layout-flex\">\n<div class=\"wp-block-column is-layout-flow wp-block-column-is-layout-flow\">\n<h3 class=\"wp-block-heading has-podstawowy-color has-text-color has-link-color wp-elements-41f12c91ae4bee0171db09a24249b799\"><strong>Etappe 1<br>13.08.2025, 00:01 Uhr \u2013 14.08.2025, 00:01 Uhr<\/strong><\/h3>\n\n\n\n<p class=\"has-podstawowy-color has-text-color has-link-color wp-elements-f9bdf15ec4c33a7aa7ef5efeb8a2572a\"><strong>Vorbereitungsphase mit folgenden Sperrungen:<\/strong><\/p>\n\n\n\n<ul style=\"text-transform:capitalize\" class=\"wp-block-list\">\n<li style=\"line-height:1;text-transform:none\">Wendy- und Zbo\u017cowa-Stra\u00dfe ab Spichrzowa gesperrt,<\/li>\n\n\n\n<li>Komandorska komplett gesperrt,<\/li>\n\n\n\n<li>Ma\u0142opolska gesperrt zwischen Jarowita und Komandorska,<\/li>\n\n\n\n<li>Wa\u0142y Chrobrego vollst\u00e4ndig gesperrt,<\/li>\n\n\n\n<li>Wawelska gesperrt zwischen Wa\u0142y Chrobrego und Jarowita,<\/li>\n\n\n\n<li style=\"line-height:1;text-transform:none\">Admiralska vollst\u00e4ndig gesperrt.<\/li>\n<\/ul>\n\n\n\n<div style=\"height:20px\" aria-hidden=\"true\" class=\"wp-block-spacer is-style-m-spacerhalf\"><\/div>\n<\/div>\n<\/div>\n\n\n\n<div class=\"wp-block-columns is-layout-flex wp-container-core-columns-is-layout-9d6595d7 wp-block-columns-is-layout-flex\">\n<div class=\"wp-block-column is-layout-flow wp-block-column-is-layout-flow\">\n<h3 class=\"wp-block-heading has-podstawowy-color has-text-color has-link-color wp-elements-e3c5bf725b50af8f5c216b2b91ce822e\"><strong>Etappe 2<\/strong><br><strong>14.08.2025, 00:01 Uhr \u2013 18.08.2025, 05:00 Uhr<\/strong><\/h3>\n\n\n\n<p class=\"has-podstawowy-color has-text-color has-link-color wp-elements-c2790ac842a8a7355fc8423d43707b73\"><strong><strong>Hauptveranstaltungsphase f\u00fcr \u017bagle 2025. Vollst\u00e4ndige oder eingeschr\u00e4nkte Sperrungen:<\/strong><\/strong><\/p>\n\n\n\n<ul class=\"wp-block-list\">\n<li>Wendy &amp; Zbo\u017cowa (vollst\u00e4ndig),<\/li>\n\n\n\n<li>Spichrzowa (vollst\u00e4ndig),<\/li>\n\n\n\n<li>W\u0142adys\u0142awa IV bis \u015aw. Floriana (vollst\u00e4ndig),<\/li>\n\n\n\n<li>Celna (vollst\u00e4ndig),<\/li>\n\n\n\n<li>Komandorska (vollst\u00e4ndig),<\/li>\n\n\n\n<li>Ma\u0142opolska (Jarowita\u2013Komandorska),<\/li>\n\n\n\n<li>Wa\u0142y Chrobrego (vollst\u00e4ndig),<\/li>\n\n\n\n<li>Wawelska (Jarowita\u2013Wa\u0142y Chrobrego),<\/li>\n\n\n\n<li>Admiralska (vollst\u00e4ndig),<\/li>\n\n\n\n<li>Zygmunta Starego:<\/li>\n\n\n\n<li>Vollsperrung (Wa\u0142y Chrobrego\u2013Jarowita),<\/li>\n\n\n\n<li>Nur mit Ausweis (Jarowita\u2013Henryka Pobo\u017cnego),<\/li>\n\n\n\n<li>Einbahnstra\u00dfe (Starzy\u0144skiego\u2013Henryka Pobo\u017cnego),<\/li>\n\n\n\n<li>Szczerbcowa:<\/li>\n\n\n\n<li>Vollsperrung (Wa\u0142y Chrobrego\u2013Jarowita),<\/li>\n\n\n\n<li>Nur mit Ausweis (Jarowita\u2013Henryka Pobo\u017cnego),<\/li>\n\n\n\n<li>Einbahnstra\u00dfe (Henryka Pobo\u017cnego\u2013Starzy\u0144skiego),<\/li>\n\n\n\n<li>Jarowita:<\/li>\n\n\n\n<li>Vollsperrung (Zygmunta Starego\u2013Szczerbcowa),<\/li>\n\n\n\n<li>Eingeschr\u00e4nkter Zugang mit Ausweis,<\/li>\n\n\n\n<li>Henryka Pobo\u017cnego:<\/li>\n\n\n\n<li>Sperrung (Zygmunta Starego\u2013Szczerbcowa),<\/li>\n\n\n\n<li>Einbahnstra\u00dfe (Wawelska\u2013Szczerbcowa),<\/li>\n\n\n\n<li>Jana z Kolna:<\/li>\n\n\n\n<li>Vollsperrung (Zamkowa-Zubringer \u2013 Kapita\u0144ska),<\/li>\n\n\n\n<li>Storrady: vollst\u00e4ndig gesperrt,<\/li>\n\n\n\n<li>Zufahrten zur Trasa Zamkowa (Richtung Dubois): gesperrt,<\/li>\n\n\n\n<li>Taxi-Stand: Zygmunta Starego (Starzy\u0144skiego\u2013Matejki),<\/li>\n\n\n\n<li style=\"line-height:1\">Beide Bus-Haltestellen bei Admiralska: gesperrt.<\/li>\n<\/ul>\n\n\n\n<p><strong><strong>Umleitungen \u2013 Jana z Kolna:<\/strong><\/strong><\/p>\n\n\n\n<ul class=\"wp-block-list\">\n<li>Vom Werftgel\u00e4nde zur Trasa Zamkowa: Dubois \u2013 Parkowa \u2013 Malczewskiego \u2013 Matejki,<\/li>\n\n\n\n<li>Vom Werftgel\u00e4nde zur Most D\u0142ugi: Dubois \u2013 Parkowa \u2013 Malczewskiego \u2013 Matejki \u2013 Trasa Zamkowa \u2013 Farna \u2013 So\u0142tysia \u2013 Wyszy\u0144skiego,<\/li>\n\n\n\n<li>Von Trasa Zamkowa zur Werft: Matejki \u2013 Malczewskiego \u2013 Parkowa \u2013 Dubois,<\/li>\n\n\n\n<li style=\"line-height:1\">Von Most D\u0142ugi zur Werft: Wyszy\u0144skiego \u2013 Wyzwolenia \u2013 Malczewskiego \u2013 Parkowa \u2013 Dubois.<\/li>\n<\/ul>\n\n\n\n<p><strong>Malczewskiego \u2013 ge\u00e4nderte Verkehrsf\u00fchrung<\/strong>:<\/p>\n\n\n\n<p>An der Kreuzung Malczewskiego\u2013Matejki: <strong>Linksabbiegen von beiden Spuren<\/strong> m\u00f6glich.<\/p>\n\n\n\n<p>Linke Fahrspur (auf Gleisen Richtung Matejki) <strong>nur f\u00fcr Stra\u00dfenbahnen<\/strong>.<\/p>\n\n\n\n<div style=\"height:100px\" aria-hidden=\"true\" class=\"wp-block-spacer is-style-m-spacerhalf\"><\/div>\n<\/div>\n<\/div>\n\n\n\n<div class=\"wp-block-columns is-layout-flex wp-container-core-columns-is-layout-9d6595d7 wp-block-columns-is-layout-flex\">\n<div class=\"wp-block-column is-layout-flow wp-block-column-is-layout-flow\">\n<h3 class=\"wp-block-heading has-podstawowy-color has-text-color has-link-color wp-elements-dc839675ddbb0c7f1a73d2620018c62c\"><strong>Etappe 3<\/strong><br><strong>18.08.2025, 05:00 Uhr \u2013 19.08.2025, 05:00 Uhr<\/strong><\/h3>\n\n\n\n<p class=\"has-podstawowy-color has-text-color has-link-color wp-elements-8644ab2c1c5a8fe2c69f33ffa8bfd010\"><strong>Phase zur <strong>schrittweisen Aufhebung<\/strong> der Verkehrssperrungen:<\/strong><\/p>\n\n\n\n<ul class=\"wp-block-list\">\n<li style=\"line-height:1\">Wendy &amp; Zbo\u017cowa \u2013 ab Spichrzowa gesperrt,<\/li>\n\n\n\n<li>Komandorska \u2013 voll gesperrt,<\/li>\n\n\n\n<li>Ma\u0142opolska \u2013 gesperrt (Jarowita\u2013Komandorska),<\/li>\n\n\n\n<li>Wa\u0142y Chrobrego \u2013 voll gesperrt,<\/li>\n\n\n\n<li>Wawelska \u2013 gesperrt (Wa\u0142y Chrobrego\u2013Jarowita),<\/li>\n\n\n\n<li>Admiralska \u2013 voll gesperrt,<\/li>\n\n\n\n<li style=\"line-height:1\">Henryka Pobo\u017cnego \u2013 gesperrt (Zygmunta Starego\u2013Szczerbcowa).<\/li>\n<\/ul>\n\n\n\n<div style=\"height:100px\" aria-hidden=\"true\" class=\"wp-block-spacer is-style-m-spacerhalf\"><\/div>\n<\/div>\n<\/div>\n\n\n\n<div style=\"height:100px\" aria-hidden=\"true\" class=\"wp-block-spacer is-style-m-spacerfull\"><\/div>\n","protected":false},"excerpt":{"rendered":"<p>Verkehrsorganisation \u00c4nderungen in der Verkehrsorganisation Die \u00c4nderungen im Stra\u00dfen- und Nahverkehr erfolgen in mehreren Etappen, beginnend am Mittwoch, den 13. August 2025. Autofahrer*innen werden um Geduld und Verst\u00e4ndnis gebeten \u2013 [&hellip;]<\/p>\n","protected":false},"author":1,"featured_media":0,"parent":3293,"menu_order":53,"comment_status":"closed","ping_status":"closed","template":"","meta":{"_acf_changed":false,"inline_featured_image":false,"footnotes":"","_links_to":"","_links_to_target":""},"class_list":["post-4503","page","type-page","status-publish","hentry"],"acf":[],"yoast_head":"<!-- This site is optimized with the Yoast SEO plugin v25.1 - https:\/\/yoast.com\/wordpress\/plugins\/seo\/ -->\n<title>Verkehrsorganisation - \u017bagle 2026<\/title>\n<meta name=\"robots\" content=\"noindex, follow, max-snippet:-1, max-image-preview:large, max-video-preview:-1\" \/>\n<meta property=\"og:locale\" content=\"de_DE\" \/>\n<meta property=\"og:type\" content=\"article\" \/>\n<meta property=\"og:title\" content=\"Verkehrsorganisation - \u017bagle 2026\" \/>\n<meta property=\"og:description\" content=\"Verkehrsorganisation \u00c4nderungen in der Verkehrsorganisation Die \u00c4nderungen im Stra\u00dfen- und Nahverkehr erfolgen in mehreren Etappen, beginnend am Mittwoch, den 13. August 2025. Autofahrer*innen werden um Geduld und Verst\u00e4ndnis gebeten \u2013 [&hellip;]\" \/>\n<meta property=\"og:url\" content=\"https:\/\/zagleszczecin.eu\/de\/ueber-zagle\/organizacja-ruchu\/\" \/>\n<meta property=\"og:site_name\" content=\"\u017bagle 2026\" \/>\n<meta property=\"article:modified_time\" content=\"2025-07-28T15:45:51+00:00\" \/>\n<meta name=\"twitter:card\" content=\"summary_large_image\" \/>\n<meta name=\"twitter:label1\" content=\"Gesch\u00e4tzte Lesezeit\" \/>\n\t<meta name=\"twitter:data1\" content=\"4\u00a0Minuten\" \/>\n<script type=\"application\/ld+json\" class=\"yoast-schema-graph\">{\"@context\":\"https:\/\/schema.org\",\"@graph\":[{\"@type\":\"WebPage\",\"@id\":\"https:\/\/zagleszczecin.eu\/de\/ueber-zagle\/organizacja-ruchu\/\",\"url\":\"https:\/\/zagleszczecin.eu\/de\/ueber-zagle\/organizacja-ruchu\/\",\"name\":\"Verkehrsorganisation - \u017bagle 2026\",\"isPartOf\":{\"@id\":\"https:\/\/zagleszczecin.eu\/de\/#website\"},\"datePublished\":\"2025-04-22T12:27:46+00:00\",\"dateModified\":\"2025-07-28T15:45:51+00:00\",\"breadcrumb\":{\"@id\":\"https:\/\/zagleszczecin.eu\/de\/ueber-zagle\/organizacja-ruchu\/#breadcrumb\"},\"inLanguage\":\"de\",\"potentialAction\":[{\"@type\":\"ReadAction\",\"target\":[\"https:\/\/zagleszczecin.eu\/de\/ueber-zagle\/organizacja-ruchu\/\"]}]},{\"@type\":\"BreadcrumbList\",\"@id\":\"https:\/\/zagleszczecin.eu\/de\/ueber-zagle\/organizacja-ruchu\/#breadcrumb\",\"itemListElement\":[{\"@type\":\"ListItem\",\"position\":1,\"name\":\"Strona g\u0142\u00f3wna\",\"item\":\"https:\/\/zagleszczecin.eu\/de\/\"},{\"@type\":\"ListItem\",\"position\":2,\"name\":\"\u00dcber \u017bagle\",\"item\":\"https:\/\/zagleszczecin.eu\/de\/ueber-zagle\/\"},{\"@type\":\"ListItem\",\"position\":3,\"name\":\"Verkehrsorganisation\"}]},{\"@type\":\"WebSite\",\"@id\":\"https:\/\/zagleszczecin.eu\/de\/#website\",\"url\":\"https:\/\/zagleszczecin.eu\/de\/\",\"name\":\"\u017bagle 2026\",\"description\":\"Kurs na Szczecin\",\"potentialAction\":[{\"@type\":\"SearchAction\",\"target\":{\"@type\":\"EntryPoint\",\"urlTemplate\":\"https:\/\/zagleszczecin.eu\/de\/?s={search_term_string}\"},\"query-input\":{\"@type\":\"PropertyValueSpecification\",\"valueRequired\":true,\"valueName\":\"search_term_string\"}}],\"inLanguage\":\"de\"}]}<\/script>\n<!-- \/ Yoast SEO plugin. -->","yoast_head_json":{"title":"Verkehrsorganisation - \u017bagle 2026","robots":{"index":"noindex","follow":"follow","max-snippet":"max-snippet:-1","max-image-preview":"max-image-preview:large","max-video-preview":"max-video-preview:-1"},"og_locale":"de_DE","og_type":"article","og_title":"Verkehrsorganisation - \u017bagle 2026","og_description":"Verkehrsorganisation \u00c4nderungen in der Verkehrsorganisation Die \u00c4nderungen im Stra\u00dfen- und Nahverkehr erfolgen in mehreren Etappen, beginnend am Mittwoch, den 13. August 2025. Autofahrer*innen werden um Geduld und Verst\u00e4ndnis gebeten \u2013 [&hellip;]","og_url":"https:\/\/zagleszczecin.eu\/de\/ueber-zagle\/organizacja-ruchu\/","og_site_name":"\u017bagle 2026","article_modified_time":"2025-07-28T15:45:51+00:00","twitter_card":"summary_large_image","twitter_misc":{"Gesch\u00e4tzte Lesezeit":"4\u00a0Minuten"},"schema":{"@context":"https:\/\/schema.org","@graph":[{"@type":"WebPage","@id":"https:\/\/zagleszczecin.eu\/de\/ueber-zagle\/organizacja-ruchu\/","url":"https:\/\/zagleszczecin.eu\/de\/ueber-zagle\/organizacja-ruchu\/","name":"Verkehrsorganisation - \u017bagle 2026","isPartOf":{"@id":"https:\/\/zagleszczecin.eu\/de\/#website"},"datePublished":"2025-04-22T12:27:46+00:00","dateModified":"2025-07-28T15:45:51+00:00","breadcrumb":{"@id":"https:\/\/zagleszczecin.eu\/de\/ueber-zagle\/organizacja-ruchu\/#breadcrumb"},"inLanguage":"de","potentialAction":[{"@type":"ReadAction","target":["https:\/\/zagleszczecin.eu\/de\/ueber-zagle\/organizacja-ruchu\/"]}]},{"@type":"BreadcrumbList","@id":"https:\/\/zagleszczecin.eu\/de\/ueber-zagle\/organizacja-ruchu\/#breadcrumb","itemListElement":[{"@type":"ListItem","position":1,"name":"Strona g\u0142\u00f3wna","item":"https:\/\/zagleszczecin.eu\/de\/"},{"@type":"ListItem","position":2,"name":"\u00dcber \u017bagle","item":"https:\/\/zagleszczecin.eu\/de\/ueber-zagle\/"},{"@type":"ListItem","position":3,"name":"Verkehrsorganisation"}]},{"@type":"WebSite","@id":"https:\/\/zagleszczecin.eu\/de\/#website","url":"https:\/\/zagleszczecin.eu\/de\/","name":"\u017bagle 2026","description":"Kurs na Szczecin","potentialAction":[{"@type":"SearchAction","target":{"@type":"EntryPoint","urlTemplate":"https:\/\/zagleszczecin.eu\/de\/?s={search_term_string}"},"query-input":{"@type":"PropertyValueSpecification","valueRequired":true,"valueName":"search_term_string"}}],"inLanguage":"de"}]}},"_links":{"self":[{"href":"https:\/\/zagleszczecin.eu\/de\/wp-json\/wp\/v2\/pages\/4503","targetHints":{"allow":["GET"]}}],"collection":[{"href":"https:\/\/zagleszczecin.eu\/de\/wp-json\/wp\/v2\/pages"}],"about":[{"href":"https:\/\/zagleszczecin.eu\/de\/wp-json\/wp\/v2\/types\/page"}],"author":[{"embeddable":true,"href":"https:\/\/zagleszczecin.eu\/de\/wp-json\/wp\/v2\/users\/1"}],"replies":[{"embeddable":true,"href":"https:\/\/zagleszczecin.eu\/de\/wp-json\/wp\/v2\/comments?post=4503"}],"version-history":[{"count":1,"href":"https:\/\/zagleszczecin.eu\/de\/wp-json\/wp\/v2\/pages\/4503\/revisions"}],"predecessor-version":[{"id":4508,"href":"https:\/\/zagleszczecin.eu\/de\/wp-json\/wp\/v2\/pages\/4503\/revisions\/4508"}],"up":[{"embeddable":true,"href":"https:\/\/zagleszczecin.eu\/de\/wp-json\/wp\/v2\/pages\/3293"}],"wp:attachment":[{"href":"https:\/\/zagleszczecin.eu\/de\/wp-json\/wp\/v2\/media?parent=4503"}],"curies":[{"name":"wp","href":"https:\/\/api.w.org\/{rel}","templated":true}]}}